{"id":4062,"date":"2022-12-18T09:35:04","date_gmt":"2022-12-18T07:35:04","guid":{"rendered":"https:\/\/retkilemi.fi\/?post_type=product&#038;p=4062"},"modified":"2022-12-18T09:38:12","modified_gmt":"2022-12-18T07:38:12","slug":"anar-garra-miesten-merinovilla-kerrastopaita","status":"publish","type":"product","link":"https:\/\/retkilemi.fi\/?product=anar-garra-miesten-merinovilla-kerrastopaita","title":{"rendered":"Anar Garra miesten merinovilla kerrastopaita"},"content":{"rendered":"<p>Anar Garra kerrastopaita on l\u00e4mmin ja pehme\u00e4 100% mulesing-vapaasta merinovillasta valmistettu aluskerrastopaita syksyn ja talven ulkoiluun. Anar Garra merinovillainen kerrastopaita l\u00e4mmitt\u00e4\u00e4 kylm\u00e4ll\u00e4 s\u00e4\u00e4ll\u00e4 ja siirt\u00e4\u00e4 tehokkaasti kosteutta pois iholta. Pehme\u00e4 ja miellytt\u00e4v\u00e4 merinovilla ei kutita ja kuivuu nopeasti, mutta l\u00e4mmitt\u00e4\u00e4 my\u00f6s kosteana.<\/p>\n<p>Materiaalina merinovilla on luonnollisesti antibakteerinen. Merinovillaisia vaatteita ei tarvitse pest\u00e4 yht\u00e4 usein kuin keinokuituisia, usein pelkk\u00e4 tuuletus ja kuivatus riitt\u00e4\u00e4.<\/p>\n<ul>\n<li>Miesten aluskerraston paita<\/li>\n<li>Pehme\u00e4, l\u00e4mmin ja kosteutta siirt\u00e4v\u00e4<\/li>\n<li>L\u00e4mmin aluskerros ulkoiluun, urheiluun ja retkeilyyn<\/li>\n<li>Materiaali: 100 % mulesing-vapaa merinovilla, 250g\/m2<\/li>\n<li>Pesuohje: K\u00e4sinpesu<\/li>\n<li>Valmistettu EU:ssa, suunniteltu ja testattu Suomessa<\/li>\n<\/ul>\n","protected":false},"excerpt":{"rendered":"<p>Anar Garra kerrastopaita on l\u00e4mmin ja pehme\u00e4 100% mulesing-vapaasta merinovillasta valmistettu aluskerrastopaita syksyn ja talven ulkoiluun. Anar Garra merinovillainen kerrastopaita l\u00e4mmitt\u00e4\u00e4 kylm\u00e4ll\u00e4 s\u00e4\u00e4ll\u00e4 ja siirt\u00e4\u00e4 tehokkaasti kosteutta pois iholta. Pehme\u00e4 ja miellytt\u00e4v\u00e4 merinovilla ei kutita ja kuivuu nopeasti, mutta l\u00e4mmitt\u00e4\u00e4 my\u00f6s kosteana. Materiaalina merinovilla on luonnollisesti antibakteerinen. Merinovillaisia vaatteita ei tarvitse pest\u00e4 yht\u00e4 usein kuin &hellip; <\/p>\n<p class=\"more-link-wrap\"><a href=\"https:\/\/retkilemi.fi\/?product=anar-garra-miesten-merinovilla-kerrastopaita\" class=\"more-link\"><span>Read More<span class=\"screen-reader-text\"> &#8221;Anar Garra miesten merinovilla kerrastopaita&#8221;<\/span><\/span><\/a><\/p>\n","protected":false},"featured_media":4069,"comment_status":"open","ping_status":"closed","template":"","meta":{"inline_featured_image":false},"product_brand":[],"product_cat":[170],"product_tag":[87,218,220,283],"class_list":{"0":"post-4062","1":"product","2":"type-product","3":"status-publish","4":"has-post-thumbnail","6":"product_cat-muut-asusteet","7":"product_tag-anar","8":"product_tag-garra","9":"product_tag-kerrasto","10":"product_tag-paita","12":"first","13":"instock","14":"taxable","15":"shipping-taxable","16":"purchasable","17":"product-type-variable"},"_links":{"self":[{"href":"https:\/\/retkilemi.fi\/index.php?rest_route=\/wp\/v2\/product\/4062","targetHints":{"allow":["GET"]}}],"collection":[{"href":"https:\/\/retkilemi.fi\/index.php?rest_route=\/wp\/v2\/product"}],"about":[{"href":"https:\/\/retkilemi.fi\/index.php?rest_route=\/wp\/v2\/types\/product"}],"replies":[{"embeddable":true,"href":"https:\/\/retkilemi.fi\/index.php?rest_route=%2Fwp%2Fv2%2Fcomments&post=4062"}],"wp:featuredmedia":[{"embeddable":true,"href":"https:\/\/retkilemi.fi\/index.php?rest_route=\/wp\/v2\/media\/4069"}],"wp:attachment":[{"href":"https:\/\/retkilemi.fi\/index.php?rest_route=%2Fwp%2Fv2%2Fmedia&parent=4062"}],"wp:term":[{"taxonomy":"product_brand","embeddable":true,"href":"https:\/\/retkilemi.fi\/index.php?rest_route=%2Fwp%2Fv2%2Fproduct_brand&post=4062"},{"taxonomy":"product_cat","embeddable":true,"href":"https:\/\/retkilemi.fi\/index.php?rest_route=%2Fwp%2Fv2%2Fproduct_cat&post=4062"},{"taxonomy":"product_tag","embeddable":true,"href":"https:\/\/retkilemi.fi\/index.php?rest_route=%2Fwp%2Fv2%2Fproduct_tag&post=4062"}],"curies":[{"name":"wp","href":"https:\/\/api.w.org\/{rel}","templated":true}]}}